{"version":"1.0","provider_name":"T\u00fcnd\u00e9rkert.","provider_url":"https:\/\/tunderkert.cafeblog.hu","author_name":"Zs\u00f3fi","author_url":"https:\/\/tunderkert.cafeblog.hu\/author\/ilyes_zsofii\/","title":"Cseppnyi Velence Hollandi\u00e1ban","html":"<p align=\"CENTER\"><\/p>\r\n<p align=\"CENTER\"><\/p>\r\n<p align=\"CENTER\"><\/p>\r\n<p align=\"CENTER\"><\/p>\r\n<p style=\"text-align: left\" align=\"CENTER\"><a href=\"https:\/\/tunderkert.cafeblog.hu\/files\/2016\/06\/g1.jpg\"><img class=\"alignnone size-medium wp-image-58\" src=\"https:\/\/tunderkert.cafeblog.hu\/files\/2016\/06\/g1-300x188.jpg\" alt=\"g1\" width=\"300\" height=\"188\" \/><\/a><\/p>\r\n<p align=\"LEFT\"><span style=\"font-family: Trebuchet MS,sans-serif\">Igazi mesebeli v\u00e1ros rejt\u0151zik Hollandia orsz\u00e1g\u00e1ban, melyet Giethoornnak neveznek. L\u00e9trej\u00f6tte 1230. k\u00f6r\u00fclre tehet\u0151 \u00e9s val\u00f3ban mes\u00e9be ill\u0151 kis hely ez.<\/span><\/p>\r\n<p align=\"LEFT\"><span style=\"font-family: Trebuchet MS,sans-serif\">Itt nincsenek utak, aut\u00f3k, minden egyes h\u00e1zat csak haj\u00f3val vagy cs\u00f3nakkal lehet megk\u00f6zel\u00edteni, hiszen v\u00edz veszi k\u00f6r\u00fcl. Giethoorn neve kecskeszarvat jelent, eredete val\u00f3sz\u00edn\u0171leg egy r\u00e9gi katasztr\u00f3f\u00e1hoz vezethet\u0151 vissza.<\/span><\/p>\r\n<p align=\"LEFT\"><span style=\"font-family: Trebuchet MS,sans-serif\">A sz\u00f3besz\u00e9d szerint 1170-ben egy hatalmas \u00e1rv\u00edz puszt\u00edtott itt, s az itt \u00e9l\u0151 kecsk\u00e9k mind elpusztultak, az ide telep\u00fcl\u0151k pedig ezeknek az \u00e1llatoknak a szarvait tal\u00e1lt\u00e1k meg, innen ered a v\u00e1ros nev\u00e9nek jelent\u00e9se.<\/span><\/p>\r\n<p align=\"LEFT\"><span style=\"font-family: Trebuchet MS,sans-serif\">A kis v\u00e1roska m\u00e1ra m\u00e1r vil\u00e1gszerte ismert c\u00e9lpont a turist\u00e1k sz\u00e1m\u00e1ra \u00e9s ez nem is v\u00e9letlen.<\/span><\/p>\r\n<p align=\"LEFT\"><span style=\"font-family: Trebuchet MS,sans-serif\">Sokan holland Velenc\u00e9nek is nevezik, hiszen b\u00e1r m\u00e1r \u00e9p\u00fcltek utc\u00e1k \u00e9s vannak aut\u00f3k, biciklik is, a legt\u00f6bb h\u00e1zat csak csatorn\u00e1kon \u00e9s azokat \u00e1t\u00edvel\u0151 hidakon \u00e1t lehet megk\u00f6zel\u00edteni.<\/span><\/p>\r\n<p align=\"LEFT\"><span style=\"font-family: Trebuchet MS,sans-serif\">Mivel a motoros cs\u00f3nakok hangja zavarn\u00e1 az itt \u00e9l\u0151k nyugalm\u00e1t, ezt a probl\u00e9m\u00e1t \u00fagynevezett suttog\u00f3 haj\u00f3kkal oldott\u00e1k meg.<\/span><\/p>\r\n<p align=\"LEFT\"><span style=\"font-family: Trebuchet MS,sans-serif\">Ezek motorja igen halk, \u00edgy csendben lehet k\u00f6zlekedni a k\u00f6r\u00fclbel\u00fcl 1 m\u00e9ter m\u00e9ly \u00e9s \u00f6sszesen 8 kilom\u00e9ter hossz\u00fas\u00e1got kitev\u0151 csatorn\u00e1kon.<\/span><\/p>\r\n<p align=\"LEFT\"><span style=\"font-family: Trebuchet MS,sans-serif\">Giethoorn alapvet\u0151en egy fest\u0151i v\u00e1ros, folyamatosan halad a modern korral, de m\u00e1ig meg\u0151rizte mes\u00e9be ill\u0151, elvar\u00e1zsolt mivolt\u00e1t.<\/span><\/p>\r\n<p align=\"LEFT\"><span style=\"font-family: Trebuchet MS,sans-serif\">T\u00e9len a csatorn\u00e1k befagynak, \u00edgy lehet\u0151s\u00e9g van korcsoly\u00e1z\u00e1sra is, amely tal\u00e1n m\u00e9gnagyobb \u00e9lm\u00e9nynek sz\u00e1m\u00edt a cs\u00f3nak\u00e1z\u00e1sn\u00e1l.<\/span><\/p>\r\n<p align=\"LEFT\"><span style=\"font-family: Trebuchet MS,sans-serif\">A v\u00e1ros k\u00fcl\u00f6nlegess\u00e9ge mellett az itt lak\u00f3k term\u00e9szetesen a k\u00f6rnyezetre, annak sz\u00e9ps\u00e9g\u00e9re \u00e9s v\u00e9delm\u00e9re is fokozottan \u00fcgyelnek \u00e9s figyelnek, minden kert rendezett \u00e9s \u00e1mulatba ejt\u0151, ak\u00e1rcsak az \u00e9p\u00edtm\u00e9nyek \u00e9s a h\u00e1zak is.<\/span><\/p>\r\n<p align=\"LEFT\"><span style=\"font-family: Trebuchet MS,sans-serif\">Ha tetszett a bejegyz\u00e9s, oszd meg \u00e9s nyomj egy Tetszik-et, hiszen a <strong><a href=\"https:\/\/www.facebook.com\/tunderkertcafeblog\">T\u00fcnd\u00e9rkert<\/a><\/strong> jelen van a <strong><a href=\"https:\/\/www.facebook.com\/tunderkertcafeblog\">Facebookon<\/a><\/strong> is! :)<\/span><\/p>","type":"rich"}