{"version":"1.0","provider_name":"T\u00fcnd\u00e9rkert.","provider_url":"https:\/\/tunderkert.cafeblog.hu","author_name":"Zs\u00f3fi","author_url":"https:\/\/tunderkert.cafeblog.hu\/author\/ilyes_zsofii\/","title":"Leny\u0171g\u00f6z\u0151 Norv\u00e9gia","html":"<strong>A leny\u0171g\u00f6z\u0151 Norv\u00e9gia<\/strong>\r\n\r\nA Skandin\u00e1v \u2013 f\u00e9lszigeten elter\u00fcl\u0151 Norv\u00e9gia a mes\u00e9k, mond\u00e1k \u00e9s trollok f\u00f6ldje, rengeteg gy\u00f6ny\u00f6r\u0171 hellyel \u00e9s leny\u0171g\u00f6z\u0151 t\u00e1jjal.\r\n\r\n&nbsp;\r\n\r\n&nbsp;\r\n\r\n&nbsp;\r\n\r\n&nbsp;\r\n\r\n&nbsp;\r\n<p style=\"text-align: right\"><a href=\"https:\/\/tunderkert.cafeblog.hu\/files\/2016\/06\/n2.jpg\"><img class=\"alignnone size-medium wp-image-21\" src=\"https:\/\/tunderkert.cafeblog.hu\/files\/2016\/06\/n2-300x147.jpg\" alt=\"n2\" width=\"300\" height=\"147\" \/><\/a><\/p>\r\n<p style=\"text-align: left\">\u00c9lett\u0151l duzzad\u00f3 \u00e1llat \u00e9s n\u00f6v\u00e9nyvil\u00e1ga \u00e1mulatba ejti az embert.\r\nA hegyek ak\u00e1r az \u00e9gbe ny\u00fal\u00f3 \u00f3ri\u00e1sok, melyek k\u00f6z\u00f6tt csod\u00e1latos k\u00e9k sz\u00ednben pomp\u00e1znak a gleccserek \u00e9s a fjordok, az \u00e1fonya \u00e9s a zuzm\u00f3 \u00e1ltal uralt mez\u0151k\u00f6n rengeteg j\u00e1vor \u00e9s r\u00e9nszarvas \u00e9li mindennapjait.\r\nA t\u00e1j itt vad \u00e9s nyughatatlan, a tengerszorosokat \u00e9s a fjordokat komp \u00e9s haj\u00f3utak k\u00f6tik \u00f6ssze.\r\nNorv\u00e9gia az az orsz\u00e1g, ahol a kalandv\u00e1gy\u00f3 ember mindent megtal\u00e1l, amire csak v\u00e1gyik, hiszen sz\u00e1mos t\u00far\u00e1z\u00e1si lehet\u0151s\u00e9g van ebben a ligetekkel \u00e9s erd\u0151kkel \u00f6lelt orsz\u00e1gban.\r\nA hal\u00e1szfalvak arculata mindm\u00e1ig hamis\u00edthatatlan, a v\u00e1rosokat k\u00fcl\u00f6n\u00f6s gonddal \u00e9s odafigyel\u00e9ssel\u00a0 \u00e9p\u00edtett\u00e9k meg, sz\u00e1mos templom pedig m\u00e9g mindig \u00e9pen megmaradt a k\u00f6z\u00e9pkori id\u0151kb\u0151l.\r\nAz orsz\u00e1g tal\u00e1n egyik legszebb r\u00e9sze a Gutulia Nemzeti Park,\u00a0 ahol a v\u00edz minden\u00fctt ott van, hol tavak, hol foly\u00f3k, hol pedig mocsarak form\u00e1j\u00e1ban.\r\nTov\u00e1bb kalandozva egy \u00fajabb nemzeti park t\u00e1rul el\u00e9nk, a Rondane Nemzeti Park, mely a k\u00e9tezer m\u00e9teres magass\u00e1gba ny\u00fal\u00f3 hegyek otthona.\r\nAzonban az ett\u0151l nem messze fellelhet\u0151 Jotunheimen Nemzeti Park m\u00e9g enn\u00e9l is magasabb hegycs\u00facsokat rejt, nem v\u00e9letlen\u00fcl kapta h\u00e1t az \u201e\u00d3ri\u00e1sok hegys\u00e9ge\u201d nevet sem.\r\nA tavak vize krist\u00e1lytiszta, a n\u00e9hol h\u00f3f\u00f6dte hegycs\u00facsok t\u00fckr\u00f6z\u0151dnek benn\u00fck vissza \u00e9s sebesen rohan\u00f3 foly\u00f3k \u00e9s patakok \u00f6mlenek bel\u00e9j\u00fck.\r\nItt a legmagasabb hegy el\u00e9ri a 2469 m\u00e9teres magass\u00e1got, innen nem messze pedig egy, az UNESCO Vil\u00e1g\u00f6r\u00f6ks\u00e9g r\u00e9sz\u00e9t k\u00e9pez\u0151 falu tal\u00e1lhat\u00f3, Urnes, melyet semmik\u00e9pp nem szabad kihagyni ha az orsz\u00e1gba \u00e9rkez\u00fcnk.\r\nNorv\u00e9gi\u00e1ban sokat esik, f\u0151leg okt\u00f3ber k\u00f6rny\u00e9k\u00e9n, \u00e1m ha szerencs\u00e9nk van, elker\u00fclhetj\u00fck.\r\n\u00c9rdemes Olesund v\u00e1ros\u00e1ba elmenni de a Trollok h\u00e1g\u00f3ja is p\u00e1ratlan \u00e9lm\u00e9nyt ny\u00fajt az arra j\u00e1r\u00f3nak, az itt fellelhet\u0151 Stig \u2013 v\u00edzes\u00e9ssel egy\u00fctt.\r\nB\u00e1r Norv\u00e9gia el\u00e9g nagy orsz\u00e1g, n\u00e9pess\u00e9g\u00e9nek ter\u00fcleti eloszt\u00e1s\u00e1nak ar\u00e1nya el\u00e9g kicsi, \u00edgy rengeteg vad \u00e9s \u00e9rintetlen helyet j\u00e1rhatunk be, b\u00e1r \u00e9rdemes melegen \u00f6lt\u00f6zni, hiszen a legszebb r\u00e9szek mind h\u00f3f\u00f6dte cs\u00facsokkal \u00e9s hideg leveg\u0151vel vannak \u00f6vezve.\r\nAki mindet be akarja j\u00e1rni, annak k\u00e9t h\u00e9t is kev\u00e9s hozz\u00e1, hiszen egy \u2013 egy gleccseren, fjordon az ember k\u00e9pes \u00f3r\u00e1kig elb\u00e1m\u00e9szkodni.\r\nA legszebb tal\u00e1n a f\u00e9ny j\u00e1t\u00e9ka, ahogyan a lemen\u0151 nap a v\u00f6r\u00f6s \u00e9s annak \u00e1rnyalataiba \u00f6lt\u00f6zteti ezeket a monstrumokat, majd k\u00f6d borul az eg\u00e9sz t\u00e1jra, s csendben elkezd havazni.<\/p>\r\n&nbsp;\r\n\r\n&nbsp;\r\n\r\n&nbsp;\r\n\r\n<a href=\"https:\/\/tunderkert.cafeblog.hu\/files\/2016\/06\/n.jpg\"><img class=\"alignnone size-medium wp-image-20\" src=\"https:\/\/tunderkert.cafeblog.hu\/files\/2016\/06\/n-300x175.jpg\" alt=\"n\" width=\"300\" height=\"175\" \/><\/a>\r\nAz itt j\u00e1r\u00f3 t\u00e9nyleg egy mesebeli fant\u00e1ziavil\u00e1gban \u00e9rezheti mag\u00e1t b\u00e1rmerre j\u00e1r \u00e9s t\u00e9nyleg elhiszi hogy ez az orsz\u00e1g a trollok, t\u00f6rp\u00f6k \u00e9s a t\u00fcnd\u00e9rek f\u00f6ldje.","type":"rich"}